{"id":8342,"date":"2018-10-02T18:59:00","date_gmt":"2018-10-02T16:59:00","guid":{"rendered":"https:\/\/baselle.com\/?post_type=product&#038;p=8342"},"modified":"2020-02-27T12:06:19","modified_gmt":"2020-02-27T11:06:19","slug":"louis-vuitton-selene-pm-handtasche-gebraucht","status":"publish","type":"product","link":"https:\/\/baselle.com\/en\/product\/louis-vuitton-selene-pm-handtasche-gebraucht\/","title":{"rendered":"Louis Vuitton Selene PM"},"content":{"rendered":"<p>\n<strong>Louis Vuitton Selene PM Mahina Leder Handtasche Beschreibung<\/strong><\/p>\n<p>Die originale Louis Vuitton Selene PM Mahina Leder Handtasche vereint elegantes Design mit l\u00e4ssigem Tragekomfort. Sie ist aus Monogram perforierten Mahina Leder gefertigt und verf\u00fcgt \u00fcber plissierte Details und silberfarbene Hardware. Die Hobo-Bag hat einen abnehmbaren Griff und einen abnehmbaren Schulterriemen, der zudem in der L\u00e4nge verstellbar ist. Die Louis Vuitton Selene kann daher sowohl als Handtasche, kurz bzw. lang \u00fcber der Schulter oder Crossbody getragen werden.<\/p>\n<p>Als eine von wenigen Louis Vuitton Handtaschen, ist das Modell &#8220;Selene&#8221; komplett mit Rei\u00dfverschluss verschlie\u00dfbar. Durch diesen l\u00e4sst sich die Handtasche zu einem grauen Innnenfutter aus Mikrofaser \u00f6ffnen. Das am Rei\u00dfverschluss befindliche Schloss kann durch die in der Clochette befindlichen Schl\u00fcssel ge\u00f6ffnet und beliebig angebracht werden.<br \/>\n<\/p>\n<p>Praktisch ist \u00fcberdies die abnehmbare Pochette, die an dem D-Ring im Tascheninneren der Louis Vuitton Selene befestigt werden kann. Die Pochette verf\u00fcgt \u00fcber 3 innenliegende Kreditkartenf\u00e4cher. Neben der Pochette bringen zahlreiche Innenf\u00e4cher Ordnung in die Handtasche, die mit seitlichem Rei\u00dfverschluss und zwei Einsteckf\u00e4cher perfekt f\u00fcr den t\u00e4glichen Gebrauch sind. <\/p>\n<p>Der Neupreis dieser Tasche lag bei 2490,00\u20ac. Die Selene ist bei Louis Vuitton nicht mehr verf\u00fcgbar.\n<\/p>\n<p>\n<strong>Very good condition:<\/strong><br \/>\nDiese gebrauchte Louis Vuitton Selene PM Handtasche ist insgesamt in einem sehr guten Zustand. Das Kalbsleder mit der Mahina Lochpr\u00e4gung ist gepflegt und l\u00e4sst bis auf die Ecken keine weiteren Makel erkennen. Am Taschenboden weisen die Ecken durch den Gebrauch einen leichten Abrieb auf. Das Tascheninnere ist sauber und ohne L\u00f6cher\/Risse. Die silberne Hardware ist ebenfalls in einem sehr guten Zustand.\n<\/p>\n<p>\n<strong>Style:<\/strong> Schulter-\/Handtasche\/Crossbody<br \/>\n<strong>Size:<\/strong> PM<br \/>\n<strong>Dimensions (approx.):<\/strong> Breite 38 cm * H\u00f6he 33 cm * Tiefe 6 cm\n<\/p>\n<p>\n<strong>Exterior material:<\/strong> calfskin leather<br \/>\n<strong>Interior Material<\/strong> microfibre lining\n<\/p>\n<p>The pictures represent the offered bag. The picture rights are held by MyLovelyBoutique.com. <\/p>\n<p>Follow us on <a href=\"https:\/\/www.instagram.com\/mylovelyboutique.de\/\" rel=\"noopener noreferrer\" target=\"_blank\"><span style=\"color: #e0adea\">Instagram<\/span><\/a> und lass Dich von unseren Outfit-Ideen inspirieren. <\/p>","protected":false},"excerpt":{"rendered":"<table class=\"mlb-product-details\">\n<tbody>\n<tr>\n<td class=\"mlb-details-caption\">Model<\/td>\n<td class=\"mlb-details-value\">Selene PM Mahina Leder Handtasche <\/td>\n<\/tr>\n<tr>\n<td class=\"mlb-details-caption\">Colour<\/td>\n<td class=\"mlb-details-value\">Hellbeige<\/td>\n<\/tr>\n<tr>\n<td class=\"mlb-details-caption\">Hardware<\/td>\n<td class=\"mlb-details-value\">Silver<\/td>\n<\/tr>\n<tr>\n<td class=\"mlb-details-caption\">Year<\/td>\n<td class=\"mlb-details-value\">2013<\/td>\n<\/tr>\n<tr>\n<td class=\"mlb-details-caption\">Accessoires<\/td>\n<td class=\"mlb-details-value\">Staubbeutel, abnehmbare Pochette, Schloss+Schl\u00fcssel, Clochette<\/td>\n<\/tr>\n<tr>\n<td class=\"mlb-details-caption\">Condition<\/td>\n<td class=\"mlb-details-value\">Very good condition<\/td>\n<\/tr>\n<\/tbody>\n<\/table>","protected":false},"featured_media":8406,"template":"","meta":[],"product_brand":[],"product_cat":[87,154,68,1431,85,99],"product_tag":[],"class_list":{"0":"post-8342","1":"product","2":"type-product","3":"status-publish","4":"has-post-thumbnail","6":"product_cat-crossbodytaschen","7":"product_cat-designer","8":"product_cat-handtaschen","9":"product_cat-louisvuitton","10":"product_cat-schultertaschen","11":"product_cat-taschen","12":"product_shipping_class-bis1000","14":"first","15":"outofstock","16":"sold-individually","17":"shipping-taxable","18":"purchasable","19":"product-type-simple"},"_links":{"self":[{"href":"https:\/\/baselle.com\/en\/wp-json\/wp\/v2\/product\/8342","targetHints":{"allow":["GET"]}}],"collection":[{"href":"https:\/\/baselle.com\/en\/wp-json\/wp\/v2\/product"}],"about":[{"href":"https:\/\/baselle.com\/en\/wp-json\/wp\/v2\/types\/product"}],"wp:featuredmedia":[{"embeddable":true,"href":"https:\/\/baselle.com\/en\/wp-json\/wp\/v2\/media\/8406"}],"wp:attachment":[{"href":"https:\/\/baselle.com\/en\/wp-json\/wp\/v2\/media?parent=8342"}],"wp:term":[{"taxonomy":"product_brand","embeddable":true,"href":"https:\/\/baselle.com\/en\/wp-json\/wp\/v2\/product_brand?post=8342"},{"taxonomy":"product_cat","embeddable":true,"href":"https:\/\/baselle.com\/en\/wp-json\/wp\/v2\/product_cat?post=8342"},{"taxonomy":"product_tag","embeddable":true,"href":"https:\/\/baselle.com\/en\/wp-json\/wp\/v2\/product_tag?post=8342"}],"curies":[{"name":"wp","href":"https:\/\/api.w.org\/{rel}","templated":true}]}}