{"id":7101,"date":"2018-01-18T15:29:57","date_gmt":"2018-01-18T14:29:57","guid":{"rendered":"https:\/\/baselle.com\/?post_type=product&#038;p=7101"},"modified":"2020-02-27T12:11:27","modified_gmt":"2020-02-27T11:11:27","slug":"louis-vuitton-daily-denim-2","status":"publish","type":"product","link":"https:\/\/baselle.com\/en\/product\/louis-vuitton-daily-denim-2\/","title":{"rendered":"Louis Vuitton Daily Denim"},"content":{"rendered":"<p>\nVery good condition:<br \/>\nDas Monogram Denim ist sowie die naturbelassenen Lederbes\u00e4tze sind in einem sehr guten Zustand. Das Tascheninnere ist sauber und weist keine L\u00f6cher\/Risse auf. Die goldene Hardware ist in einem einwandfreien Zustand.\n<\/p>\n<p>\nStil: Schulter\/Shopper<br \/>\nHandtaschengr\u00f6\u00dfe: GM<br \/>\nMa\u00dfe (ca.): B50cm*H39cm*T10cm\n<\/p>\n<p>\nObermaterial: Monogram Denim; Besatz aus Rindsleder<br \/>\nInnenmaterial: Mikrofaserinnenfutter\n<\/p>\n<p>\nDie Daily Denim ist eine sch\u00f6ne und zugleich praktische Tasche f\u00fcr den Alltag. Die vorne aufgesetzten Taschen sehen nicht nur optisch genial aus, sondern machen aus der Tasche ein wahres Platzwunder. Das bringt Ordnung in die Tasche und erspart Dir langes Gesuche in der Tasche. Im Tascheninneren befindet sich ein Rei\u00dfverschlussinnenfach, zwei Einsteckf\u00e4cher und ein D-Ring zum Anbringen von Schl\u00fcssel etc.<\/p>","protected":false},"excerpt":{"rendered":"<table class=\"mlb-product-details\">\n<tbody>\n<tr>\n<td class=\"mlb-details-caption\">Model<\/td>\n<td class=\"mlb-details-value\">Daily Denim GM (M40492)<\/td>\n<\/tr>\n<tr>\n<td class=\"mlb-details-caption\">Colour<\/td>\n<td class=\"mlb-details-value\">Light blue<\/td>\n<\/tr>\n<tr>\n<td class=\"mlb-details-caption\">Hardware<\/td>\n<td class=\"mlb-details-value\">Gold<\/td>\n<\/tr>\n<tr>\n<td class=\"mlb-details-caption\">Year<\/td>\n<td class=\"mlb-details-value\">2011<\/td>\n<\/tr>\n<tr>\n<td class=\"mlb-details-caption\">Accessoires<\/td>\n<td class=\"mlb-details-value\">&#8211;<\/td>\n<\/tr>\n<tr>\n<td class=\"mlb-details-caption\">Condition<\/td>\n<td class=\"mlb-details-value\">Very good condition<\/td>\n<\/tr>\n<\/tbody>\n<\/table>","protected":false},"featured_media":7102,"template":"","meta":[],"product_brand":[],"product_cat":[154,1431,85,99],"product_tag":[],"class_list":{"0":"post-7101","1":"product","2":"type-product","3":"status-publish","4":"has-post-thumbnail","6":"product_cat-designer","7":"product_cat-louisvuitton","8":"product_cat-schultertaschen","9":"product_cat-taschen","10":"product_shipping_class-bis2500","12":"first","13":"outofstock","14":"sold-individually","15":"shipping-taxable","16":"purchasable","17":"product-type-simple"},"_links":{"self":[{"href":"https:\/\/baselle.com\/en\/wp-json\/wp\/v2\/product\/7101","targetHints":{"allow":["GET"]}}],"collection":[{"href":"https:\/\/baselle.com\/en\/wp-json\/wp\/v2\/product"}],"about":[{"href":"https:\/\/baselle.com\/en\/wp-json\/wp\/v2\/types\/product"}],"wp:featuredmedia":[{"embeddable":true,"href":"https:\/\/baselle.com\/en\/wp-json\/wp\/v2\/media\/7102"}],"wp:attachment":[{"href":"https:\/\/baselle.com\/en\/wp-json\/wp\/v2\/media?parent=7101"}],"wp:term":[{"taxonomy":"product_brand","embeddable":true,"href":"https:\/\/baselle.com\/en\/wp-json\/wp\/v2\/product_brand?post=7101"},{"taxonomy":"product_cat","embeddable":true,"href":"https:\/\/baselle.com\/en\/wp-json\/wp\/v2\/product_cat?post=7101"},{"taxonomy":"product_tag","embeddable":true,"href":"https:\/\/baselle.com\/en\/wp-json\/wp\/v2\/product_tag?post=7101"}],"curies":[{"name":"wp","href":"https:\/\/api.w.org\/{rel}","templated":true}]}}