{"id":6535,"date":"2017-06-24T13:05:09","date_gmt":"2017-06-24T11:05:09","guid":{"rendered":"https:\/\/baselle.com\/?post_type=product&#038;p=6535"},"modified":"2020-02-27T12:16:20","modified_gmt":"2020-02-27T11:16:20","slug":"chanel-westminster-pearl","status":"publish","type":"product","link":"https:\/\/baselle.com\/en\/product\/chanel-westminster-pearl\/","title":{"rendered":"CHANEL Westminster"},"content":{"rendered":"<p>\nVery good condition:<br \/>\nDer Tweed Stoff ist in einem hervorragenden Zustand. Das Tascheninnere ist sauber und weist keine L\u00f6cher\/Risse auf. Die Hardware sowie die Perlen sind ebenfalls in einem sehr guten Zustand.\n<\/p>\n<p>\nStil: Schulter<br \/>\nHandtaschengr\u00f6\u00dfe: Medium<br \/>\nMa\u00dfe (ca.): B25cm*H16cm*T7,5cm<br \/>\nTr\u00e4gerl\u00e4nge=53cm\n<\/p>\n<p>\nObermaterial: Tweed<br \/>\nInnenmaterial: Textilinnenfutter\n<\/p>\n<p>\nDie wundersch\u00f6ne Westminster Flap Bag aus schwarzem Tweed ist durchgehend mit dem Chanel-Logo bedruckt, das CC-Logo ist mit wundersch\u00f6nen Perlen verziert und auch die Kette ist wie f\u00fcr die Westminster \u00fcblich verflochten und verspielt mit Perlen verziert. Das Tascheninnere teilt sich auf in ein gro\u00dfes Hauptfach und ein Rei\u00dfverschlussfach. Verschlossen wird die Tasche durch einen Magnetverschluss.<\/p>","protected":false},"excerpt":{"rendered":"<table class=\"mlb-product-details\">\n<tbody>\n<tr>\n<td class=\"mlb-details-caption\">Model<\/td>\n<td class=\"mlb-details-value\">Westminster Pearl Flap Bag Medium<\/td>\n<\/tr>\n<tr>\n<td class=\"mlb-details-caption\">Colour<\/td>\n<td class=\"mlb-details-value\">Black<\/td>\n<\/tr>\n<tr>\n<td class=\"mlb-details-caption\">Hardware<\/td>\n<td class=\"mlb-details-value\">Rhodium<\/td>\n<\/tr>\n<tr>\n<td class=\"mlb-details-caption\">Year<\/td>\n<td class=\"mlb-details-value\">2016<\/td>\n<\/tr>\n<tr>\n<td class=\"mlb-details-caption\">Accessoires<\/td>\n<td class=\"mlb-details-value\">Staubbeutel, Authentizit\u00e4tskarte, Hologramm<\/td>\n<\/tr>\n<tr>\n<td class=\"mlb-details-caption\">Condition<\/td>\n<td class=\"mlb-details-value\">Very good condition<\/td>\n<\/tr>\n<\/tbody>\n<\/table>","protected":false},"featured_media":6536,"template":"","meta":[],"product_brand":[],"product_cat":[1430,154,68,85,99],"product_tag":[102],"class_list":{"0":"post-6535","1":"product","2":"type-product","3":"status-publish","4":"has-post-thumbnail","6":"product_cat-chanel","7":"product_cat-designer","8":"product_cat-handtaschen","9":"product_cat-schultertaschen","10":"product_cat-taschen","11":"product_tag-sale","13":"first","14":"outofstock","15":"sale","16":"sold-individually","17":"shipping-taxable","18":"purchasable","19":"product-type-simple"},"_links":{"self":[{"href":"https:\/\/baselle.com\/en\/wp-json\/wp\/v2\/product\/6535","targetHints":{"allow":["GET"]}}],"collection":[{"href":"https:\/\/baselle.com\/en\/wp-json\/wp\/v2\/product"}],"about":[{"href":"https:\/\/baselle.com\/en\/wp-json\/wp\/v2\/types\/product"}],"wp:featuredmedia":[{"embeddable":true,"href":"https:\/\/baselle.com\/en\/wp-json\/wp\/v2\/media\/6536"}],"wp:attachment":[{"href":"https:\/\/baselle.com\/en\/wp-json\/wp\/v2\/media?parent=6535"}],"wp:term":[{"taxonomy":"product_brand","embeddable":true,"href":"https:\/\/baselle.com\/en\/wp-json\/wp\/v2\/product_brand?post=6535"},{"taxonomy":"product_cat","embeddable":true,"href":"https:\/\/baselle.com\/en\/wp-json\/wp\/v2\/product_cat?post=6535"},{"taxonomy":"product_tag","embeddable":true,"href":"https:\/\/baselle.com\/en\/wp-json\/wp\/v2\/product_tag?post=6535"}],"curies":[{"name":"wp","href":"https:\/\/api.w.org\/{rel}","templated":true}]}}