{"id":12501,"date":"2020-03-26T10:24:45","date_gmt":"2020-03-26T09:24:45","guid":{"rendered":"https:\/\/baselle.com\/?post_type=product&#038;p=12501"},"modified":"2023-01-24T14:12:12","modified_gmt":"2023-01-24T13:12:12","slug":"louis-vuitton-alma-bb-monogram-vernis-poppy-12501","status":"publish","type":"product","link":"https:\/\/baselle.com\/en\/product\/louis-vuitton-alma-bb-monogram-vernis-poppy-12501\/","title":{"rendered":"Louis Vuitton Alma BB"},"content":{"rendered":"<p>\n<strong>Louis Vuitton Alma BB Monogram Vernis Leder Handtasche Beschreibung<\/strong><\/p>\n<p>Die originale Louis Vuitton Alma BB Monogram Vernis Leder Handtasche ist eine stilvolle Handtasche und geh\u00f6rt zu den zeitlosen Ikonen von Louis Vuitton. In der wundersch\u00f6nen und seltenen Farbe &#8220;Poppy&#8221; ist sie ein Must-Have f\u00fcr Deine LV-Sammlung. Mit der klassischen Form und dem kompakten Interieur ist dieses raffinierte Modell ein praktischer und stylischer Alltagsbegleiter. Die Alma BB Handtasche ist aus Kalbslackleder mit gepr\u00e4gtem Louis Vuitton Monogramm gefertigt. Sie verf\u00fcgt \u00fcber einen Doppel-Rei\u00dfverschluss, sch\u00fctzende Taschenf\u00fc\u00dfchen, silberfarbene Hardware-Akzente, doppelt gerollte Ledergriffe sowie einen abnehmbaren Schulterriemen f\u00fcr maximalen Tragekomfort.<\/p>\n<p>Der umlaufende Rei\u00dfverschluss \u00f6ffnet sich zu einem rosafarbenen Innenfutter mit einem Steckfach, welches sich ideal f\u00fcr die Aufbewahrung wichtiger Dinge des t\u00e4glichen Bedarfs eignet. Das am Rei\u00dfverschluss angebrachte Schloss kann durch die in der Clochette befindlichen Schl\u00fcssel ge\u00f6ffnet und beliebig angebracht werden. Die Louis Vuitton Alma pr\u00e4sentiert gekonnt den besonderen Hauch von Luxus und Stil von Louis Vuitton.\n<\/p>\n<p>\n<strong>Mint condition<\/strong><br \/>\nDiese Louis Vuitton Alma BB Monogram Vernis Leder Handtasche aus zweiter Hand ist ungetragen und daher in einem neuwertigen Zustand. Das Kalbslackleder, die silberfarbenen Beschl\u00e4ge sowie das Innenfutter sind in einem einwandfreien Zustand.\n<\/p>\n<p>\n<strong>Style:<\/strong> Shoulder bag, handbag, crossbody<br \/>\n<strong>Size:<\/strong> BB<br \/>\n<strong>Dimensions (approx.):<\/strong> Breite 23,5 cm * H\u00f6he 17,5 cm * Tiefe 11,5 cm\n<\/p>\n<p>\n<strong>Exterior material:<\/strong> Patent calfskin leather<br \/>\n<strong>Interior Material<\/strong> fabric lining\n<\/p>\n<p>The pictures represent the offered bag. The picture rights are held by MyLovelyBoutique.com. <\/p>\n<p>Follow us on <a href=\"https:\/\/www.instagram.com\/mylovelyboutique.de\/\" rel=\"noopener noreferrer\" target=\"_blank\"><span style=\"color: #96588a;\">Instagram<\/span><\/a> and get inspired. <\/p>","protected":false},"excerpt":{"rendered":"<table class=\"mlb-product-details\">\n<tbody>\n<tr>\n<td class=\"mlb-details-caption\">Model<\/td>\n<td class=\"mlb-details-value\">Alma BB Mon. Vernis Leder<\/td>\n<\/tr>\n<tr>\n<td class=\"mlb-details-caption\">Colour<\/td>\n<td class=\"mlb-details-value\">Poppy\/Rosa<\/td>\n<\/tr>\n<tr>\n<td class=\"mlb-details-caption\">Hardware<\/td>\n<td class=\"mlb-details-value\">Silver<\/td>\n<\/tr>\n<tr>\n<td class=\"mlb-details-caption\">Year<\/td>\n<td class=\"mlb-details-value\">2016<\/td>\n<\/tr>\n<tr>\n<td class=\"mlb-details-caption\">Accessoires<\/td>\n<td class=\"mlb-details-value\">Staubbeutel, abnehmbarer Schulterriemen, Schloss + Schl\u00fcssel im kleinen Staubbeutel, Clochette, LV-Booklet, LV-Materialinfo<\/td>\n<\/tr>\n<tr>\n<td class=\"mlb-details-caption\">Condition<\/td>\n<td class=\"mlb-details-value\">Mint condition<\/td>\n<\/tr>\n<\/tbody>\n<\/table>","protected":false},"featured_media":12506,"template":"","meta":[],"product_brand":[],"product_cat":[87,154,68,86,1431,85,99],"product_tag":[],"class_list":{"0":"post-12501","1":"product","2":"type-product","3":"status-publish","4":"has-post-thumbnail","6":"product_cat-crossbodytaschen","7":"product_cat-designer","8":"product_cat-handtaschen","9":"product_cat-kleinetaschen","10":"product_cat-louisvuitton","11":"product_cat-schultertaschen","12":"product_cat-taschen","13":"product_shipping_class-bis1000","15":"first","16":"outofstock","17":"sold-individually","18":"shipping-taxable","19":"purchasable","20":"product-type-simple"},"_links":{"self":[{"href":"https:\/\/baselle.com\/en\/wp-json\/wp\/v2\/product\/12501","targetHints":{"allow":["GET"]}}],"collection":[{"href":"https:\/\/baselle.com\/en\/wp-json\/wp\/v2\/product"}],"about":[{"href":"https:\/\/baselle.com\/en\/wp-json\/wp\/v2\/types\/product"}],"wp:featuredmedia":[{"embeddable":true,"href":"https:\/\/baselle.com\/en\/wp-json\/wp\/v2\/media\/12506"}],"wp:attachment":[{"href":"https:\/\/baselle.com\/en\/wp-json\/wp\/v2\/media?parent=12501"}],"wp:term":[{"taxonomy":"product_brand","embeddable":true,"href":"https:\/\/baselle.com\/en\/wp-json\/wp\/v2\/product_brand?post=12501"},{"taxonomy":"product_cat","embeddable":true,"href":"https:\/\/baselle.com\/en\/wp-json\/wp\/v2\/product_cat?post=12501"},{"taxonomy":"product_tag","embeddable":true,"href":"https:\/\/baselle.com\/en\/wp-json\/wp\/v2\/product_tag?post=12501"}],"curies":[{"name":"wp","href":"https:\/\/api.w.org\/{rel}","templated":true}]}}